{"id":88578,"date":"2022-02-21T21:10:27","date_gmt":"2022-02-21T20:10:27","guid":{"rendered":"https:\/\/www.chiaraamirante.it\/propostas-de-formacao\/"},"modified":"2022-02-21T21:11:49","modified_gmt":"2022-02-21T20:11:49","slug":"propostas-de-formacao","status":"publish","type":"page","link":"https:\/\/www.chiaraamirante.it\/pt-br\/spiritherapy\/propostas-de-formacao\/","title":{"rendered":"Propostas de Forma\u00e7\u00e3o"},"content":{"rendered":"<div class=\"wpb-content-wrapper\"><p>[vc_row row_height_percent=&#8221;0&#8243; back_image=&#8221;83953&#8243; back_repeat=&#8221;no-repeat&#8221; parallax=&#8221;yes&#8221; overlay_alpha=&#8221;50&#8243; gutter_size=&#8221;3&#8243; column_width_percent=&#8221;100&#8243; shift_y=&#8221;0&#8243; z_index=&#8221;0&#8243; enable_bottom_divider=&#8221;default&#8221; bottom_divider=&#8221;fan-opacity&#8221; shape_bottom_h_use_pixel=&#8221;&#8221; shape_bottom_height=&#8221;80&#8243; shape_bottom_color=&#8221;color-uydo&#8221; shape_bottom_opacity=&#8221;100&#8243; shape_bottom_index=&#8221;0&#8243;][vc_column column_width_percent=&#8221;100&#8243; align_horizontal=&#8221;align_center&#8221; gutter_size=&#8221;3&#8243; overlay_alpha=&#8221;50&#8243; shift_x=&#8221;0&#8243; shift_y=&#8221;0&#8243; shift_y_down=&#8221;0&#8243; z_index=&#8221;0&#8243; medium_width=&#8221;0&#8243; mobile_width=&#8221;0&#8243; width=&#8221;1\/4&#8243;][vc_single_image media=&#8221;83938&#8243; media_width_percent=&#8221;100&#8243;][\/vc_column][vc_column width=&#8221;3\/4&#8243;][vc_custom_heading auto_text=&#8221;yes&#8221; text_size=&#8221;fontsize-256691&#8243;]This is a custom heading element.[\/vc_custom_heading][vc_empty_space empty_h=&#8221;3&#8243;][\/vc_column][\/vc_row][vc_row unlock_row_content=&#8221;yes&#8221; row_height_percent=&#8221;0&#8243; override_padding=&#8221;yes&#8221; h_padding=&#8221;5&#8243; top_padding=&#8221;2&#8243; bottom_padding=&#8221;2&#8243; back_color=&#8221;color-uydo&#8221; overlay_alpha=&#8221;50&#8243; gutter_size=&#8221;3&#8243; column_width_percent=&#8221;100&#8243; shift_y=&#8221;0&#8243; z_index=&#8221;0&#8243;][vc_column column_width_percent=&#8221;100&#8243; gutter_size=&#8221;3&#8243; style=&#8221;light&#8221; overlay_alpha=&#8221;50&#8243; shift_x=&#8221;0&#8243; shift_y=&#8221;0&#8243; shift_y_down=&#8221;0&#8243; z_index=&#8221;0&#8243; medium_width=&#8221;0&#8243; mobile_width=&#8221;0&#8243; width=&#8221;1\/1&#8243;][vc_custom_heading]Atualmente os cursos s\u00e3o proporcionados por Chiara Amirante assistida por pessoas treinadas por ela e habilitadas para ser Formadora de Spiritherapy do<strong>International Institute of Spiritherapy<\/strong>.[\/vc_custom_heading][\/vc_column][\/vc_row][vc_row unlock_row_content=&#8221;yes&#8221; row_height_percent=&#8221;0&#8243; override_padding=&#8221;yes&#8221; h_padding=&#8221;5&#8243; top_padding=&#8221;2&#8243; bottom_padding=&#8221;2&#8243; overlay_alpha=&#8221;50&#8243; gutter_size=&#8221;3&#8243; column_width_percent=&#8221;100&#8243; shift_y=&#8221;0&#8243; z_index=&#8221;0&#8243; enable_top_divider=&#8221;default&#8221; top_divider=&#8221;fan-opacity&#8221; shape_top_flip=&#8221;yes&#8221; shape_top_h_use_pixel=&#8221;&#8221; shape_top_height=&#8221;80&#8243; shape_top_color=&#8221;color-uydo&#8221; shape_top_opacity=&#8221;100&#8243; shape_top_index=&#8221;0&#8243;][vc_column width=&#8221;1\/1&#8243;][vc_empty_space empty_h=&#8221;2&#8243;][vc_custom_heading]Dentro do International Institute of Spiritherapy existe a oportunidade de participar de cursos:[\/vc_custom_heading][\/vc_column][\/vc_row][vc_row unlock_row_content=&#8221;yes&#8221; row_height_percent=&#8221;0&#8243; override_padding=&#8221;yes&#8221; h_padding=&#8221;5&#8243; top_padding=&#8221;0&#8243; bottom_padding=&#8221;0&#8243; overlay_alpha=&#8221;50&#8243; equal_height=&#8221;yes&#8221; gutter_size=&#8221;2&#8243; column_width_percent=&#8221;100&#8243; shift_y=&#8221;0&#8243; z_index=&#8221;0&#8243; el_class=&#8221;inverted-device-order&#8221;][vc_column column_width_use_pixel=&#8221;yes&#8221; gutter_size=&#8221;3&#8243; back_color=&#8221;color-prif&#8221; overlay_alpha=&#8221;50&#8243; shift_x=&#8221;0&#8243; shift_y=&#8221;0&#8243; shift_y_down=&#8221;0&#8243; z_index=&#8221;0&#8243; medium_width=&#8221;0&#8243; mobile_width=&#8221;0&#8243; width=&#8221;1\/2&#8243; column_width_pixel=&#8221;900&#8243;][vc_custom_heading heading_semantic=&#8221;h3&#8243; text_size=&#8221;fontsize-547552&#8243; subheading=&#8221;para aprofundar o autoconhecimento e a cura interior&#8221;]Arte de Amar[\/vc_custom_heading][\/vc_column][vc_column column_width_percent=&#8221;100&#8243; gutter_size=&#8221;3&#8243; back_color=&#8221;color-prif&#8221; overlay_alpha=&#8221;50&#8243; shift_x=&#8221;0&#8243; shift_y=&#8221;0&#8243; shift_y_down=&#8221;0&#8243; z_index=&#8221;0&#8243; medium_width=&#8221;0&#8243; mobile_width=&#8221;0&#8243; width=&#8221;1\/2&#8243;][vc_custom_heading heading_semantic=&#8221;h3&#8243; text_size=&#8221;fontsize-547552&#8243; subheading=&#8221;para aprofundar o pr\u00f3prio caminho espiritual&#8221;]Horizontes de Espiritualidade[\/vc_custom_heading][\/vc_column][\/vc_row][vc_row unlock_row_content=&#8221;yes&#8221; row_height_percent=&#8221;0&#8243; override_padding=&#8221;yes&#8221; h_padding=&#8221;5&#8243; top_padding=&#8221;5&#8243; bottom_padding=&#8221;2&#8243; back_image=&#8221;84712&#8243; parallax=&#8221;yes&#8221; overlay_color=&#8221;color-728354&#8243; overlay_alpha=&#8221;100&#8243; gutter_size=&#8221;3&#8243; column_width_percent=&#8221;100&#8243; shift_y=&#8221;0&#8243; z_index=&#8221;0&#8243; desktop_visibility=&#8221;yes&#8221; medium_visibility=&#8221;yes&#8221; mobile_visibility=&#8221;yes&#8221;][vc_column column_width_percent=&#8221;100&#8243; gutter_size=&#8221;6&#8243; overlay_alpha=&#8221;50&#8243; shift_x=&#8221;0&#8243; shift_y=&#8221;0&#8243; shift_y_down=&#8221;0&#8243; z_index=&#8221;0&#8243; medium_width=&#8221;0&#8243; mobile_width=&#8221;0&#8243; width=&#8221;1\/1&#8243;][vc_tabs][vc_tab title=&#8221;Modulo 1&#8243; tab_id=&#8221;1589199539-1-16&#8243;][vc_row_inner row_inner_height_percent=&#8221;0&#8243; overlay_alpha=&#8221;50&#8243; equal_height=&#8221;yes&#8221; gutter_size=&#8221;3&#8243; shift_y=&#8221;0&#8243; z_index=&#8221;0&#8243;][vc_column_inner column_width_percent=&#8221;100&#8243; gutter_size=&#8221;1&#8243; style=&#8221;light&#8221; back_color=&#8221;color-813408&#8243; overlay_alpha=&#8221;50&#8243; shift_x=&#8221;0&#8243; shift_y=&#8221;0&#8243; shift_y_down=&#8221;0&#8243; z_index=&#8221;0&#8243; medium_width=&#8221;0&#8243; mobile_width=&#8221;0&#8243; width=&#8221;1\/3&#8243;][vc_custom_heading heading_semantic=&#8221;h3&#8243; text_size=&#8221;h4&#8243; text_weight=&#8221;600&#8243; text_transform=&#8221;uppercase&#8221; text_color=&#8221;accent&#8221;]Quem eu Sou?[\/vc_custom_heading][uncode_list icon=&#8221;fa fa-chevron-circle-right&#8221; icon_color=&#8221;accent&#8221;]<\/p>\n<ul>\n<li><span style=\"font-weight: 400\">Pontos de for\u00e7a e de fragilidade. <\/span><\/li>\n<li><span style=\"font-weight: 400\">Como reconhecer e desenvolver o pr\u00f3prio potencial espiritual.<\/span><\/li>\n<\/ul>\n<p>[\/uncode_list][\/vc_column_inner][vc_column_inner column_width_percent=&#8221;100&#8243; gutter_size=&#8221;1&#8243; style=&#8221;light&#8221; back_color=&#8221;color-813408&#8243; overlay_alpha=&#8221;50&#8243; shift_x=&#8221;0&#8243; shift_y=&#8221;0&#8243; shift_y_down=&#8221;0&#8243; z_index=&#8221;0&#8243; medium_width=&#8221;0&#8243; mobile_width=&#8221;0&#8243; width=&#8221;1\/3&#8243;][vc_custom_heading heading_semantic=&#8221;h3&#8243; text_size=&#8221;h4&#8243; text_weight=&#8221;600&#8243; text_transform=&#8221;uppercase&#8221; text_color=&#8221;accent&#8221;]Realize seus sonhos[\/vc_custom_heading][uncode_list icon=&#8221;fa fa-chevron-circle-right&#8221; icon_color=&#8221;accent&#8221;]<\/p>\n<ul>\n<li>Como reconhecer e responder \u00e0s necessidades mais profundas.<\/li>\n<li>Como identificar e alcan\u00e7ar os objetivos que s\u00e3o mais importantes para n\u00f3s.<\/li>\n<li>Como alcan\u00e7ar o que nos parece imposs\u00edvel.<\/li>\n<\/ul>\n<p>[\/uncode_list][\/vc_column_inner][vc_column_inner column_width_percent=&#8221;100&#8243; gutter_size=&#8221;1&#8243; style=&#8221;light&#8221; back_color=&#8221;color-813408&#8243; overlay_alpha=&#8221;50&#8243; shift_x=&#8221;0&#8243; shift_y=&#8221;0&#8243; shift_y_down=&#8221;0&#8243; z_index=&#8221;0&#8243; medium_width=&#8221;0&#8243; mobile_width=&#8221;0&#8243; width=&#8221;1\/3&#8243;][vc_custom_heading heading_semantic=&#8221;h3&#8243; text_size=&#8221;h4&#8243; text_weight=&#8221;600&#8243; text_transform=&#8221;uppercase&#8221; text_color=&#8221;accent&#8221;]Ser ou aparecer[\/vc_custom_heading][uncode_list icon=&#8221;fa fa-chevron-circle-right&#8221; icon_color=&#8221;accent&#8221;]<\/p>\n<ul>\n<li>Como se libertar das m\u00e1scaras, dos muitos condicionamentos causados do medo do julgamento dos outros para redescobrir a beleza de ser voc\u00ea mesmo em todas as situa\u00e7\u00f5es.<\/li>\n<li>Como construir relacionamentos verdadeiros e gratificantes.<\/li>\n<\/ul>\n<p>[\/uncode_list][\/vc_column_inner][\/vc_row_inner][vc_empty_space empty_h=&#8221;2&#8243;][vc_row_inner row_inner_height_percent=&#8221;0&#8243; overlay_alpha=&#8221;50&#8243; equal_height=&#8221;yes&#8221; gutter_size=&#8221;3&#8243; shift_y=&#8221;0&#8243; z_index=&#8221;0&#8243;][vc_column_inner column_width_percent=&#8221;100&#8243; gutter_size=&#8221;1&#8243; style=&#8221;light&#8221; back_color=&#8221;color-813408&#8243; overlay_alpha=&#8221;50&#8243; shift_x=&#8221;0&#8243; shift_y=&#8221;0&#8243; shift_y_down=&#8221;0&#8243; z_index=&#8221;0&#8243; medium_width=&#8221;0&#8243; mobile_width=&#8221;0&#8243; width=&#8221;1\/3&#8243;][vc_custom_heading heading_semantic=&#8221;h3&#8243; text_size=&#8221;h4&#8243; text_weight=&#8221;600&#8243; text_transform=&#8221;uppercase&#8221; text_color=&#8221;accent&#8221;]Al\u00e9m da Solid\u00e3o \/ Afetividade e Sexualidade[\/vc_custom_heading][uncode_list icon=&#8221;fa fa-chevron-circle-right&#8221; icon_color=&#8221;accent&#8221;]<\/p>\n<ul>\n<li>Como superar o medo de amar e ser amado.<\/li>\n<li>Como reconhecer e curar \u00e1s feridas do cora\u00e7\u00e3o.<\/li>\n<\/ul>\n<p>[\/uncode_list][\/vc_column_inner][vc_column_inner column_width_percent=&#8221;100&#8243; gutter_size=&#8221;1&#8243; style=&#8221;light&#8221; back_color=&#8221;color-813408&#8243; overlay_alpha=&#8221;50&#8243; shift_x=&#8221;0&#8243; shift_y=&#8221;0&#8243; shift_y_down=&#8221;0&#8243; z_index=&#8221;0&#8243; medium_width=&#8221;0&#8243; mobile_width=&#8221;0&#8243; width=&#8221;1\/3&#8243;][vc_custom_heading heading_semantic=&#8221;h3&#8243; text_size=&#8221;h4&#8243; text_weight=&#8221;600&#8243; text_transform=&#8221;uppercase&#8221; text_color=&#8221;accent&#8221;]Da tristeza \u00e0 alegria![\/vc_custom_heading][uncode_list icon=&#8221;fa fa-chevron-circle-right&#8221; icon_color=&#8221;accent&#8221;]<\/p>\n<ul>\n<li>Como sair do t\u00fanel dos pensamentos negativos.<\/li>\n<li>Como viver cada momento em plenitude<\/li>\n<\/ul>\n<p>[\/uncode_list][\/vc_column_inner][vc_column_inner column_width_percent=&#8221;100&#8243; gutter_size=&#8221;1&#8243; style=&#8221;light&#8221; back_color=&#8221;color-813408&#8243; overlay_alpha=&#8221;50&#8243; shift_x=&#8221;0&#8243; shift_y=&#8221;0&#8243; shift_y_down=&#8221;0&#8243; z_index=&#8221;0&#8243; medium_width=&#8221;0&#8243; mobile_width=&#8221;0&#8243; width=&#8221;1\/3&#8243;][vc_custom_heading heading_semantic=&#8221;h3&#8243; text_size=&#8221;h4&#8243; text_weight=&#8221;600&#8243; text_transform=&#8221;uppercase&#8221; text_color=&#8221;accent&#8221;]Dar sentido ao sofrimento[\/vc_custom_heading][uncode_list icon=&#8221;fa fa-chevron-circle-right&#8221; icon_color=&#8221;accent&#8221;]<\/p>\n<ul>\n<li>Como transformar cada dificuldade em uma nova oportunidade.<\/li>\n<li>Como manter a paz nos momentos mais dolorosos.<\/li>\n<\/ul>\n<p>[\/uncode_list][\/vc_column_inner][\/vc_row_inner][vc_empty_space empty_h=&#8221;2&#8243;][vc_row_inner row_inner_height_percent=&#8221;0&#8243; overlay_alpha=&#8221;50&#8243; equal_height=&#8221;yes&#8221; gutter_size=&#8221;3&#8243; shift_y=&#8221;0&#8243; z_index=&#8221;0&#8243;][vc_column_inner column_width_percent=&#8221;100&#8243; gutter_size=&#8221;1&#8243; overlay_alpha=&#8221;50&#8243; shift_x=&#8221;0&#8243; shift_y=&#8221;0&#8243; shift_y_down=&#8221;0&#8243; z_index=&#8221;0&#8243; medium_width=&#8221;0&#8243; mobile_width=&#8221;0&#8243; width=&#8221;1\/3&#8243;][\/vc_column_inner][vc_column_inner column_width_percent=&#8221;100&#8243; gutter_size=&#8221;1&#8243; style=&#8221;light&#8221; back_color=&#8221;color-813408&#8243; overlay_alpha=&#8221;50&#8243; shift_x=&#8221;0&#8243; shift_y=&#8221;0&#8243; shift_y_down=&#8221;0&#8243; z_index=&#8221;0&#8243; medium_width=&#8221;0&#8243; mobile_width=&#8221;0&#8243; width=&#8221;1\/3&#8243;][vc_custom_heading heading_semantic=&#8221;h3&#8243; text_size=&#8221;h4&#8243; text_weight=&#8221;600&#8243; text_transform=&#8221;uppercase&#8221; text_color=&#8221;accent&#8221;]Que sentido estou dando \u00e0 minha vida?[\/vc_custom_heading][uncode_list icon=&#8221;fa fa-chevron-circle-right&#8221; icon_color=&#8221;accent&#8221;]<\/p>\n<ul>\n<li>Qual \u00e9 a minha miss\u00e3o, a minha voca\u00e7\u00e3o?<\/li>\n<li>Como verificar se o que estou vivenciando est\u00e1 em harmonia com os objetivos mais importantes que quero alcan\u00e7ar?<\/li>\n<\/ul>\n<p>[\/uncode_list][\/vc_column_inner][vc_column_inner width=&#8221;1\/3&#8243;][\/vc_column_inner][\/vc_row_inner][\/vc_tab][vc_tab title=&#8221;Modulo 2&#8243; tab_id=&#8221;1589200933579-2-8&#8243;][vc_row_inner row_inner_height_percent=&#8221;0&#8243; overlay_alpha=&#8221;50&#8243; equal_height=&#8221;yes&#8221; gutter_size=&#8221;3&#8243; shift_y=&#8221;0&#8243; z_index=&#8221;0&#8243;][vc_column_inner column_width_percent=&#8221;100&#8243; gutter_size=&#8221;1&#8243; style=&#8221;light&#8221; back_color=&#8221;color-813408&#8243; overlay_alpha=&#8221;50&#8243; shift_x=&#8221;0&#8243; shift_y=&#8221;0&#8243; shift_y_down=&#8221;0&#8243; z_index=&#8221;0&#8243; medium_width=&#8221;0&#8243; mobile_width=&#8221;0&#8243; width=&#8221;1\/3&#8243;][vc_custom_heading heading_semantic=&#8221;h3&#8243; text_size=&#8221;h4&#8243; text_weight=&#8221;600&#8243; text_transform=&#8221;uppercase&#8221; text_color=&#8221;accent&#8221;]A paz no cora\u00e7\u00e3o[\/vc_custom_heading][uncode_list icon=&#8221;fa fa-chevron-circle-right&#8221; icon_color=&#8221;accent&#8221;]<\/p>\n<ul>\n<li>Como se livrar das inseguran\u00e7as, medos, temores condicionantes.<\/li>\n<li>Como lidar com a ansiedade para n\u00e3o perder a serenidade.<\/li>\n<li>Como guardar a paz interior<\/li>\n<\/ul>\n<p>[\/uncode_list][\/vc_column_inner][vc_column_inner column_width_percent=&#8221;100&#8243; gutter_size=&#8221;1&#8243; style=&#8221;light&#8221; back_color=&#8221;color-813408&#8243; overlay_alpha=&#8221;50&#8243; shift_x=&#8221;0&#8243; shift_y=&#8221;0&#8243; shift_y_down=&#8221;0&#8243; z_index=&#8221;0&#8243; medium_width=&#8221;0&#8243; mobile_width=&#8221;0&#8243; width=&#8221;1\/3&#8243;][vc_custom_heading heading_semantic=&#8221;h3&#8243; text_size=&#8221;h4&#8243; text_weight=&#8221;600&#8243; text_transform=&#8221;uppercase&#8221; text_color=&#8221;accent&#8221;]Alegria Plena[\/vc_custom_heading][uncode_list icon=&#8221;fa fa-chevron-circle-right&#8221; icon_color=&#8221;accent&#8221;]<\/p>\n<ul>\n<li>Como transformar pensamentos e humores negativos em positivos.<\/li>\n<li>Como descobrir o mist\u00e9rio de beleza escondido al\u00e9m do que aparece.<\/li>\n<li>Permanecer na alegria apesar das dificuldades.<\/li>\n<\/ul>\n<p>[\/uncode_list][\/vc_column_inner][vc_column_inner column_width_percent=&#8221;100&#8243; gutter_size=&#8221;1&#8243; style=&#8221;light&#8221; back_color=&#8221;color-813408&#8243; overlay_alpha=&#8221;50&#8243; shift_x=&#8221;0&#8243; shift_y=&#8221;0&#8243; shift_y_down=&#8221;0&#8243; z_index=&#8221;0&#8243; medium_width=&#8221;0&#8243; mobile_width=&#8221;0&#8243; width=&#8221;1\/3&#8243;][vc_custom_heading heading_semantic=&#8221;h3&#8243; text_size=&#8221;h4&#8243; text_weight=&#8221;600&#8243; text_transform=&#8221;uppercase&#8221; text_color=&#8221;accent&#8221;]A verdade vos libertar\u00e1[\/vc_custom_heading][uncode_list icon=&#8221;fa fa-chevron-circle-right&#8221; icon_color=&#8221;accent&#8221;]<\/p>\n<ul>\n<li>Como reconhecer e libertar-se das pr\u00f3prias depend\u00eancias.<\/li>\n<li>Como fortalecer a pr\u00f3pria for\u00e7a de vontade para poder alcan\u00e7ar os objetivos que nos propusemos.<\/li>\n<li>Como ser uma pessoa livre e realizada.<\/li>\n<\/ul>\n<p>[\/uncode_list][\/vc_column_inner][\/vc_row_inner][\/vc_tab][vc_tab title=&#8221;Modulo 3&#8243; tab_id=&#8221;1589200960695-2-8&#8243;][vc_row_inner row_inner_height_percent=&#8221;0&#8243; overlay_alpha=&#8221;50&#8243; equal_height=&#8221;yes&#8221; gutter_size=&#8221;3&#8243; shift_y=&#8221;0&#8243; z_index=&#8221;0&#8243;][vc_column_inner column_width_percent=&#8221;100&#8243; gutter_size=&#8221;1&#8243; style=&#8221;light&#8221; back_color=&#8221;color-813408&#8243; overlay_alpha=&#8221;50&#8243; shift_x=&#8221;0&#8243; shift_y=&#8221;0&#8243; shift_y_down=&#8221;0&#8243; z_index=&#8221;0&#8243; medium_width=&#8221;0&#8243; mobile_width=&#8221;0&#8243; width=&#8221;1\/3&#8243;][vc_custom_heading heading_semantic=&#8221;h3&#8243; text_size=&#8221;h4&#8243; text_weight=&#8221;600&#8243; text_transform=&#8221;uppercase&#8221; text_color=&#8221;accent&#8221;]O segredo da felicidade[\/vc_custom_heading][uncode_list icon=&#8221;fa fa-chevron-circle-right&#8221; icon_color=&#8221;accent&#8221;]<\/p>\n<ul>\n<li><span style=\"font-weight: 400\">Descubra o maravilhoso potencial espiritual que est\u00e1 dentro de voc\u00ea.<\/span><\/li>\n<\/ul>\n<p>[\/uncode_list][\/vc_column_inner][vc_column_inner column_width_percent=&#8221;100&#8243; gutter_size=&#8221;1&#8243; style=&#8221;light&#8221; back_color=&#8221;color-813408&#8243; overlay_alpha=&#8221;50&#8243; shift_x=&#8221;0&#8243; shift_y=&#8221;0&#8243; shift_y_down=&#8221;0&#8243; z_index=&#8221;0&#8243; medium_width=&#8221;0&#8243; mobile_width=&#8221;0&#8243; width=&#8221;1\/3&#8243;][vc_custom_heading heading_semantic=&#8221;h3&#8243; text_size=&#8221;h4&#8243; text_weight=&#8221;600&#8243; text_transform=&#8221;uppercase&#8221; text_color=&#8221;accent&#8221;]Viva cada momento em plenitude[\/vc_custom_heading][uncode_list icon=&#8221;fa fa-chevron-circle-right&#8221; icon_color=&#8221;accent&#8221;]<\/p>\n<ul>\n<li>Descubra a beleza de ser voc\u00ea mesmo.<\/li>\n<\/ul>\n<p>[\/uncode_list][\/vc_column_inner][vc_column_inner column_width_percent=&#8221;100&#8243; gutter_size=&#8221;1&#8243; style=&#8221;light&#8221; back_color=&#8221;color-813408&#8243; overlay_alpha=&#8221;50&#8243; shift_x=&#8221;0&#8243; shift_y=&#8221;0&#8243; shift_y_down=&#8221;0&#8243; z_index=&#8221;0&#8243; medium_width=&#8221;0&#8243; mobile_width=&#8221;0&#8243; width=&#8221;1\/3&#8243;][vc_custom_heading heading_semantic=&#8221;h3&#8243; text_size=&#8221;h4&#8243; text_weight=&#8221;600&#8243; text_transform=&#8221;uppercase&#8221; text_color=&#8221;accent&#8221;]A for\u00e7a na fraqueza[\/vc_custom_heading][uncode_list icon=&#8221;fa fa-chevron-circle-right&#8221; icon_color=&#8221;accent&#8221;]<\/p>\n<ul>\n<li>Voc\u00ea ver\u00e1 milagres.<\/li>\n<\/ul>\n<p>[\/uncode_list][\/vc_column_inner][\/vc_row_inner][vc_empty_space empty_h=&#8221;2&#8243;][vc_row_inner row_inner_height_percent=&#8221;0&#8243; overlay_alpha=&#8221;50&#8243; equal_height=&#8221;yes&#8221; gutter_size=&#8221;3&#8243; shift_y=&#8221;0&#8243; z_index=&#8221;0&#8243;][vc_column_inner column_width_percent=&#8221;100&#8243; gutter_size=&#8221;1&#8243; style=&#8221;light&#8221; back_color=&#8221;color-813408&#8243; overlay_alpha=&#8221;50&#8243; shift_x=&#8221;0&#8243; shift_y=&#8221;0&#8243; shift_y_down=&#8221;0&#8243; z_index=&#8221;0&#8243; medium_width=&#8221;0&#8243; mobile_width=&#8221;0&#8243; width=&#8221;1\/3&#8243;][vc_custom_heading heading_semantic=&#8221;h3&#8243; text_size=&#8221;h4&#8243; text_weight=&#8221;600&#8243; text_transform=&#8221;uppercase&#8221; text_color=&#8221;accent&#8221;]O que te torna especial[\/vc_custom_heading][uncode_list icon=&#8221;fa fa-chevron-circle-right&#8221; icon_color=&#8221;accent&#8221;]<\/p>\n<ul>\n<li>N\u00e3o viver \u00e0 merc\u00ea de suas emo\u00e7\u00f5es.<\/li>\n<\/ul>\n<p>[\/uncode_list][\/vc_column_inner][vc_column_inner column_width_percent=&#8221;100&#8243; gutter_size=&#8221;1&#8243; style=&#8221;light&#8221; back_color=&#8221;color-813408&#8243; overlay_alpha=&#8221;50&#8243; shift_x=&#8221;0&#8243; shift_y=&#8221;0&#8243; shift_y_down=&#8221;0&#8243; z_index=&#8221;0&#8243; medium_width=&#8221;0&#8243; mobile_width=&#8221;0&#8243; width=&#8221;1\/3&#8243;][vc_custom_heading heading_semantic=&#8221;h3&#8243; text_size=&#8221;h4&#8243; text_weight=&#8221;600&#8243; text_transform=&#8221;uppercase&#8221; text_color=&#8221;accent&#8221;]Converta-se para alegria[\/vc_custom_heading][uncode_list icon=&#8221;fa fa-chevron-circle-right&#8221; icon_color=&#8221;accent&#8221;]<\/p>\n<ul>\n<li>Aprenda a pensar positivamente.<\/li>\n<\/ul>\n<p>[\/uncode_list][\/vc_column_inner][vc_column_inner column_width_percent=&#8221;100&#8243; gutter_size=&#8221;1&#8243; style=&#8221;light&#8221; back_color=&#8221;color-813408&#8243; overlay_alpha=&#8221;50&#8243; shift_x=&#8221;0&#8243; shift_y=&#8221;0&#8243; shift_y_down=&#8221;0&#8243; z_index=&#8221;0&#8243; medium_width=&#8221;0&#8243; mobile_width=&#8221;0&#8243; width=&#8221;1\/3&#8243;][vc_custom_heading heading_semantic=&#8221;h3&#8243; text_size=&#8221;h4&#8243; text_weight=&#8221;600&#8243; text_transform=&#8221;uppercase&#8221; text_color=&#8221;accent&#8221;]Escuta o teu cora\u00e7\u00e3o[\/vc_custom_heading][uncode_list icon=&#8221;fa fa-chevron-circle-right&#8221; icon_color=&#8221;accent&#8221;]<\/p>\n<ul>\n<li><span style=\"font-weight: 400\">Al\u00e9m da solid\u00e3o.<\/span><\/li>\n<\/ul>\n<p>[\/uncode_list][\/vc_column_inner][\/vc_row_inner][vc_empty_space empty_h=&#8221;2&#8243;][vc_row_inner row_inner_height_percent=&#8221;0&#8243; overlay_alpha=&#8221;50&#8243; equal_height=&#8221;yes&#8221; gutter_size=&#8221;3&#8243; shift_y=&#8221;0&#8243; z_index=&#8221;0&#8243;][vc_column_inner column_width_percent=&#8221;100&#8243; gutter_size=&#8221;1&#8243; overlay_alpha=&#8221;50&#8243; shift_x=&#8221;0&#8243; shift_y=&#8221;0&#8243; shift_y_down=&#8221;0&#8243; z_index=&#8221;0&#8243; medium_width=&#8221;0&#8243; mobile_width=&#8221;0&#8243; width=&#8221;1\/3&#8243;][\/vc_column_inner][vc_column_inner column_width_percent=&#8221;100&#8243; gutter_size=&#8221;1&#8243; style=&#8221;light&#8221; back_color=&#8221;color-813408&#8243; overlay_alpha=&#8221;50&#8243; shift_x=&#8221;0&#8243; shift_y=&#8221;0&#8243; shift_y_down=&#8221;0&#8243; z_index=&#8221;0&#8243; medium_width=&#8221;0&#8243; mobile_width=&#8221;0&#8243; width=&#8221;1\/3&#8243;][vc_custom_heading heading_semantic=&#8221;h3&#8243; text_size=&#8221;h4&#8243; text_weight=&#8221;600&#8243; text_transform=&#8221;uppercase&#8221; text_color=&#8221;accent&#8221;]Aponte alto[\/vc_custom_heading][uncode_list icon=&#8221;fa fa-chevron-circle-right&#8221; icon_color=&#8221;accent&#8221;]<\/p>\n<ul>\n<li>Novos Horizontes de Luz.<\/li>\n<\/ul>\n<p>[\/uncode_list][\/vc_column_inner][vc_column_inner width=&#8221;1\/3&#8243;][\/vc_column_inner][\/vc_row_inner][\/vc_tab][vc_tab title=&#8221;Modulo 4&#8243; tab_id=&#8221;1589200974133-3-8&#8243;][vc_row_inner row_inner_height_percent=&#8221;0&#8243; overlay_alpha=&#8221;50&#8243; equal_height=&#8221;yes&#8221; gutter_size=&#8221;3&#8243; shift_y=&#8221;0&#8243; z_index=&#8221;0&#8243;][vc_column_inner column_width_percent=&#8221;100&#8243; gutter_size=&#8221;1&#8243; style=&#8221;light&#8221; back_color=&#8221;color-813408&#8243; overlay_alpha=&#8221;50&#8243; shift_x=&#8221;0&#8243; shift_y=&#8221;0&#8243; shift_y_down=&#8221;0&#8243; z_index=&#8221;0&#8243; medium_width=&#8221;0&#8243; mobile_width=&#8221;0&#8243; width=&#8221;1\/3&#8243;][vc_custom_heading heading_semantic=&#8221;h3&#8243; text_size=&#8221;h4&#8243; text_weight=&#8221;600&#8243; text_transform=&#8221;uppercase&#8221; text_color=&#8221;accent&#8221;]Descubra a maravilha que voc\u00ea \u00e9[\/vc_custom_heading][uncode_list icon=&#8221;fa fa-chevron-circle-right&#8221; icon_color=&#8221;accent&#8221;]<\/p>\n<ul>\n<li>O mist\u00e9rio que est\u00e1 em voc\u00ea.<\/li>\n<li>Conhe\u00e7a a si mesmo.<\/li>\n<\/ul>\n<p>[\/uncode_list][\/vc_column_inner][vc_column_inner column_width_percent=&#8221;100&#8243; gutter_size=&#8221;1&#8243; style=&#8221;light&#8221; back_color=&#8221;color-813408&#8243; overlay_alpha=&#8221;50&#8243; shift_x=&#8221;0&#8243; shift_y=&#8221;0&#8243; shift_y_down=&#8221;0&#8243; z_index=&#8221;0&#8243; medium_width=&#8221;0&#8243; mobile_width=&#8221;0&#8243; width=&#8221;1\/3&#8243;][vc_custom_heading heading_semantic=&#8221;h3&#8243; text_size=&#8221;h4&#8243; text_weight=&#8221;600&#8243; text_transform=&#8221;uppercase&#8221; text_color=&#8221;accent&#8221;]Use bem as tuas potencialidades[\/vc_custom_heading][uncode_list icon=&#8221;fa fa-chevron-circle-right&#8221; icon_color=&#8221;accent&#8221;]<\/p>\n<ul>\n<li>As armadilhas que te bloqueiam.<\/li>\n<li>Tudo \u00e9 poss\u00edvel.<\/li>\n<\/ul>\n<p>[\/uncode_list][\/vc_column_inner][vc_column_inner column_width_percent=&#8221;100&#8243; gutter_size=&#8221;1&#8243; style=&#8221;light&#8221; back_color=&#8221;color-813408&#8243; overlay_alpha=&#8221;50&#8243; shift_x=&#8221;0&#8243; shift_y=&#8221;0&#8243; shift_y_down=&#8221;0&#8243; z_index=&#8221;0&#8243; medium_width=&#8221;0&#8243; mobile_width=&#8221;0&#8243; width=&#8221;1\/3&#8243;][vc_custom_heading heading_semantic=&#8221;h3&#8243; text_size=&#8221;h4&#8243; text_weight=&#8221;600&#8243; text_transform=&#8221;uppercase&#8221; text_color=&#8221;accent&#8221;]Descubra o melhor de voc\u00ea[\/vc_custom_heading][uncode_list icon=&#8221;fa fa-chevron-circle-right&#8221; icon_color=&#8221;accent&#8221;]<\/p>\n<ul>\n<li>Transforme os pontos fr\u00e1geis em pontos fortes.<\/li>\n<li>O que mais importa na vida.<\/li>\n<\/ul>\n<p>[\/uncode_list][\/vc_column_inner][\/vc_row_inner][vc_empty_space empty_h=&#8221;2&#8243;][vc_row_inner row_inner_height_percent=&#8221;0&#8243; overlay_alpha=&#8221;50&#8243; equal_height=&#8221;yes&#8221; gutter_size=&#8221;3&#8243; shift_y=&#8221;0&#8243; z_index=&#8221;0&#8243;][vc_column_inner column_width_percent=&#8221;100&#8243; gutter_size=&#8221;1&#8243; style=&#8221;light&#8221; back_color=&#8221;color-813408&#8243; overlay_alpha=&#8221;50&#8243; shift_x=&#8221;0&#8243; shift_y=&#8221;0&#8243; shift_y_down=&#8221;0&#8243; z_index=&#8221;0&#8243; medium_width=&#8221;0&#8243; mobile_width=&#8221;0&#8243; width=&#8221;1\/2&#8243;][vc_custom_heading heading_semantic=&#8221;h3&#8243; text_size=&#8221;h4&#8243; text_weight=&#8221;600&#8243; text_transform=&#8221;uppercase&#8221; text_color=&#8221;accent&#8221;]Seja voc\u00ea mesmo[\/vc_custom_heading][uncode_list icon=&#8221;fa fa-chevron-circle-right&#8221; icon_color=&#8221;accent&#8221;]<\/p>\n<ul>\n<li>Supere a necessidade de aprova\u00e7\u00e3o e o medo do julgamento.<\/li>\n<li>Liberte-se das m\u00e1scaras.<\/li>\n<\/ul>\n<p>[\/uncode_list][\/vc_column_inner][vc_column_inner column_width_percent=&#8221;100&#8243; gutter_size=&#8221;1&#8243; style=&#8221;light&#8221; back_color=&#8221;color-813408&#8243; overlay_alpha=&#8221;50&#8243; shift_x=&#8221;0&#8243; shift_y=&#8221;0&#8243; shift_y_down=&#8221;0&#8243; z_index=&#8221;0&#8243; medium_width=&#8221;0&#8243; mobile_width=&#8221;0&#8243; width=&#8221;1\/2&#8243;][vc_custom_heading heading_semantic=&#8221;h3&#8243; text_size=&#8221;h4&#8243; text_weight=&#8221;600&#8243; text_transform=&#8221;uppercase&#8221; text_color=&#8221;accent&#8221;]Curar o cora\u00e7\u00e3o[\/vc_custom_heading][uncode_list icon=&#8221;fa fa-chevron-circle-right&#8221; icon_color=&#8221;accent&#8221;]<\/p>\n<ul>\n<li>O menino ferido.<\/li>\n<li>As feridas condicionantes.<\/li>\n<\/ul>\n<p>[\/uncode_list][\/vc_column_inner][\/vc_row_inner][\/vc_tab][\/vc_tabs][vc_empty_space empty_h=&#8221;3&#8243;][\/vc_column][\/vc_row][vc_row unlock_row_content=&#8221;yes&#8221; row_height_percent=&#8221;0&#8243; override_padding=&#8221;yes&#8221; h_padding=&#8221;5&#8243; top_padding=&#8221;5&#8243; bottom_padding=&#8221;2&#8243; back_image=&#8221;84712&#8243; parallax=&#8221;yes&#8221; overlay_color=&#8221;color-728354&#8243; overlay_alpha=&#8221;100&#8243; gutter_size=&#8221;3&#8243; column_width_percent=&#8221;100&#8243; shift_y=&#8221;0&#8243; z_index=&#8221;0&#8243;][vc_column column_width_percent=&#8221;100&#8243; gutter_size=&#8221;6&#8243; overlay_alpha=&#8221;50&#8243; shift_x=&#8221;0&#8243; shift_y=&#8221;0&#8243; shift_y_down=&#8221;0&#8243; z_index=&#8221;0&#8243; medium_width=&#8221;0&#8243; mobile_width=&#8221;0&#8243; width=&#8221;1\/1&#8243;][vc_tabs][vc_tab gutter_size=&#8221;2&#8243; column_padding=&#8221;2&#8243; title=&#8221;ANNO 1&#8243; tab_id=&#8221;1620312683671-2-6&#8243;][vc_row_inner row_inner_height_percent=&#8221;0&#8243; overlay_alpha=&#8221;50&#8243; equal_height=&#8221;yes&#8221; gutter_size=&#8221;3&#8243; shift_y=&#8221;0&#8243; z_index=&#8221;0&#8243;][vc_column_inner column_width_percent=&#8221;100&#8243; gutter_size=&#8221;1&#8243; style=&#8221;light&#8221; back_color=&#8221;color-813408&#8243; overlay_alpha=&#8221;50&#8243; shift_x=&#8221;0&#8243; shift_y=&#8221;0&#8243; shift_y_down=&#8221;0&#8243; z_index=&#8221;0&#8243; medium_width=&#8221;0&#8243; mobile_width=&#8221;0&#8243; width=&#8221;1\/3&#8243;][vc_custom_heading heading_semantic=&#8221;h3&#8243; text_size=&#8221;h4&#8243; text_weight=&#8221;600&#8243; text_transform=&#8221;uppercase&#8221; text_color=&#8221;accent&#8221;]A paz do cora\u00e7\u00e3o[\/vc_custom_heading][uncode_list icon=&#8221;fa fa-chevron-circle-right&#8221; icon_color=&#8221;accent&#8221;]<\/p>\n<ul>\n<li>Sair do v\u00f3rtice de pensamentos negativos<\/li>\n<li>Decida viver cada situa\u00e7\u00e3o da forma melhor<\/li>\n<li>Transforme estados de esp\u00edrito negativos em positivos<\/li>\n<li>Superar a ansiedade e o estresse<\/li>\n<li>Os Medos condicionantes<\/li>\n<\/ul>\n<p>[\/uncode_list][\/vc_column_inner][vc_column_inner column_width_percent=&#8221;100&#8243; gutter_size=&#8221;1&#8243; style=&#8221;light&#8221; back_color=&#8221;color-813408&#8243; overlay_alpha=&#8221;50&#8243; shift_x=&#8221;0&#8243; shift_y=&#8221;0&#8243; shift_y_down=&#8221;0&#8243; z_index=&#8221;0&#8243; medium_width=&#8221;0&#8243; mobile_width=&#8221;0&#8243; width=&#8221;1\/3&#8243;][vc_custom_heading heading_semantic=&#8221;h3&#8243; text_size=&#8221;h4&#8243; text_weight=&#8221;600&#8243; text_transform=&#8221;uppercase&#8221; text_color=&#8221;accent&#8221;]Dar sentido ao sofrimento[\/vc_custom_heading][uncode_list icon=&#8221;fa fa-chevron-circle-right&#8221; icon_color=&#8221;accent&#8221;]<\/p>\n<ul>\n<li>O mal, o sofrimento, a morte<\/li>\n<li>Quais s\u00e3o as principais causas de sofrimento em sua vida<\/li>\n<li>Como manter a paz em situa\u00e7\u00f5es dolorosas?<\/li>\n<li>Transformar as dificuldades em oportunidades<\/li>\n<\/ul>\n<p>[\/uncode_list][\/vc_column_inner][vc_column_inner column_width_percent=&#8221;100&#8243; gutter_size=&#8221;1&#8243; style=&#8221;light&#8221; back_color=&#8221;color-813408&#8243; overlay_alpha=&#8221;50&#8243; shift_x=&#8221;0&#8243; shift_y=&#8221;0&#8243; shift_y_down=&#8221;0&#8243; z_index=&#8221;0&#8243; medium_width=&#8221;0&#8243; mobile_width=&#8221;0&#8243; width=&#8221;1\/3&#8243;][vc_custom_heading heading_semantic=&#8221;h3&#8243; text_size=&#8221;h4&#8243; text_weight=&#8221;600&#8243; text_transform=&#8221;uppercase&#8221; text_color=&#8221;accent&#8221;]Escuta o cora\u00e7\u00e3o[\/vc_custom_heading][uncode_list icon=&#8221;fa fa-chevron-circle-right&#8221; icon_color=&#8221;accent&#8221;]<\/p>\n<ul>\n<li>Medo de amar<\/li>\n<li>Al\u00e9m da solid\u00e3o<\/li>\n<li>Rela\u00e7\u00f5es importantes<\/li>\n<li>As feridas do cora\u00e7\u00e3o<\/li>\n<li>Deixe-se alcan\u00e7ar pelo amor<\/li>\n<\/ul>\n<p>[\/uncode_list][\/vc_column_inner][\/vc_row_inner][vc_empty_space empty_h=&#8221;2&#8243;][vc_row_inner row_inner_height_percent=&#8221;0&#8243; overlay_alpha=&#8221;50&#8243; equal_height=&#8221;yes&#8221; gutter_size=&#8221;3&#8243; shift_y=&#8221;0&#8243; z_index=&#8221;0&#8243;][vc_column_inner column_width_percent=&#8221;100&#8243; gutter_size=&#8221;1&#8243; style=&#8221;light&#8221; back_color=&#8221;color-813408&#8243; overlay_alpha=&#8221;50&#8243; shift_x=&#8221;0&#8243; shift_y=&#8221;0&#8243; shift_y_down=&#8221;0&#8243; z_index=&#8221;0&#8243; medium_width=&#8221;0&#8243; mobile_width=&#8221;0&#8243; width=&#8221;1\/3&#8243;][vc_custom_heading heading_semantic=&#8221;h3&#8243; text_size=&#8221;h4&#8243; text_weight=&#8221;600&#8243; text_transform=&#8221;uppercase&#8221; text_color=&#8221;accent&#8221;]Viva por algo de grande[\/vc_custom_heading][uncode_list icon=&#8221;fa fa-chevron-circle-right&#8221; icon_color=&#8221;accent&#8221;]<\/p>\n<ul>\n<li>Reprograme seu navegador interno<\/li>\n<li>Ferramentas para o bom discernimento<\/li>\n<li>Existe harmonia entre as tuas necessidades mais profundas e os teus sonhos?<\/li>\n<li>Mantenha o leme fixo em dire\u00e7\u00e3o ao objetivo<\/li>\n<\/ul>\n<p>[\/uncode_list][\/vc_column_inner][vc_column_inner column_width_percent=&#8221;100&#8243; gutter_size=&#8221;1&#8243; style=&#8221;light&#8221; back_color=&#8221;color-813408&#8243; overlay_alpha=&#8221;50&#8243; shift_x=&#8221;0&#8243; shift_y=&#8221;0&#8243; shift_y_down=&#8221;0&#8243; z_index=&#8221;0&#8243; medium_width=&#8221;0&#8243; mobile_width=&#8221;0&#8243; width=&#8221;1\/3&#8243;][vc_custom_heading heading_semantic=&#8221;h3&#8243; text_size=&#8221;h4&#8243; text_weight=&#8221;600&#8243; text_transform=&#8221;uppercase&#8221; text_color=&#8221;accent&#8221;]In-depend\u00eancia e liberdade interior[\/vc_custom_heading][uncode_list icon=&#8221;fa fa-chevron-circle-right&#8221; icon_color=&#8221;accent&#8221;]<\/p>\n<div class=\"vc_row wpb_row vc_inner vc_row-fluid event_item vc_custom_1609414782463 vc_row-has-fill vc_row-o-equal-height vc_row-o-content-middle vc_row-flex\">\n<div class=\"wpb_column vc_column_container vc_col-sm-1 vc_col-lg-10 vc_col-md-10 vc_col-xs-10 vc_col-has-fill\">\n<div class=\"vc_column-inner vc_custom_1609422974089\">\n<div class=\"wpb_wrapper\">\n<div class=\"wpb_text_column wpb_content_element vc_custom_1609415883229\">\n<div class=\"wpb_wrapper\">\n<ul>\n<li>Como identificar as suas depend\u00eancias<\/li>\n<li>Como fortalezer a vontade<\/li>\n<li>Ferramentas para superar as depend\u00eancias<\/li>\n<li>Tornar-se pessoas livres e realizadas<\/li>\n<\/ul>\n<\/div>\n<\/div>\n<\/div>\n<\/div>\n<\/div>\n<\/div>\n<div class=\"vc_row wpb_row vc_inner vc_row-fluid event_item vc_custom_1609414782463 vc_row-has-fill vc_row-o-equal-height vc_row-o-content-middle vc_row-flex\">\n<div class=\"wpb_column vc_column_container vc_col-sm-2 vc_col-lg-2 vc_col-md-2 vc_col-xs-2 vc_col-has-fill\">\n<div class=\"vc_column-inner vc_custom_1609425138901\">\n<div class=\"wpb_wrapper\"><\/div>\n<\/div>\n<\/div>\n<\/div>\n<p>[\/uncode_list][\/vc_column_inner][\/vc_row_inner][\/vc_tab][vc_tab gutter_size=&#8221;2&#8243; column_padding=&#8221;2&#8243; title=&#8221;ANNO 2&#8243; tab_id=&#8221;1620311785194-1-2&#8243;][vc_row_inner row_inner_height_percent=&#8221;0&#8243; overlay_alpha=&#8221;50&#8243; equal_height=&#8221;yes&#8221; gutter_size=&#8221;3&#8243; shift_y=&#8221;0&#8243; z_index=&#8221;0&#8243;][vc_column_inner column_width_percent=&#8221;100&#8243; gutter_size=&#8221;1&#8243; style=&#8221;light&#8221; back_color=&#8221;color-813408&#8243; overlay_alpha=&#8221;50&#8243; shift_x=&#8221;0&#8243; shift_y=&#8221;0&#8243; shift_y_down=&#8221;0&#8243; z_index=&#8221;0&#8243; medium_width=&#8221;0&#8243; mobile_width=&#8221;0&#8243; width=&#8221;1\/3&#8243;][vc_custom_heading heading_semantic=&#8221;h3&#8243; text_size=&#8221;h4&#8243; text_weight=&#8221;600&#8243; text_transform=&#8221;uppercase&#8221; text_color=&#8221;accent&#8221;]Voc\u00ea \u00e9 uma maravilha estupenda[\/vc_custom_heading][uncode_list icon=&#8221;fa fa-chevron-circle-right&#8221; icon_color=&#8221;accent&#8221;]<\/p>\n<ul>\n<li>Sintomas de uma auto-estima n\u00e3o sadia?<\/li>\n<li>Quem eu sou? O que quero? Onde estou indo?<\/li>\n<li>Descubra as tuas potencialidades espirituais<\/li>\n<li>Como superar a sensa\u00e7\u00e3o de inseguran\u00e7a e inadequa\u00e7\u00e3o<\/li>\n<\/ul>\n<p>[\/uncode_list][\/vc_column_inner][vc_column_inner column_width_percent=&#8221;100&#8243; gutter_size=&#8221;1&#8243; style=&#8221;light&#8221; back_color=&#8221;color-813408&#8243; overlay_alpha=&#8221;50&#8243; shift_x=&#8221;0&#8243; shift_y=&#8221;0&#8243; shift_y_down=&#8221;0&#8243; z_index=&#8221;0&#8243; medium_width=&#8221;0&#8243; mobile_width=&#8221;0&#8243; width=&#8221;1\/3&#8243;][vc_custom_heading heading_semantic=&#8221;h3&#8243; text_size=&#8221;h4&#8243; text_weight=&#8221;600&#8243; text_transform=&#8221;uppercase&#8221; text_color=&#8221;accent&#8221;]Seja voc\u00ea mesmo[\/vc_custom_heading][uncode_list icon=&#8221;fa fa-chevron-circle-right&#8221; icon_color=&#8221;accent&#8221;]<\/p>\n<ul>\n<li>Algumas armadilhas que te impedem de desenvolver o teu potencial<\/li>\n<li>O medo de julgamentos<\/li>\n<li>A necessidade de aprova\u00e7\u00e3o. Julgamentos e prejulgamentos<\/li>\n<li>Construir relacionamentos verdadeiros e gratificantes<\/li>\n<\/ul>\n<p>[\/uncode_list][\/vc_column_inner][vc_column_inner column_width_percent=&#8221;100&#8243; gutter_size=&#8221;1&#8243; style=&#8221;light&#8221; back_color=&#8221;color-813408&#8243; overlay_alpha=&#8221;50&#8243; shift_x=&#8221;0&#8243; shift_y=&#8221;0&#8243; shift_y_down=&#8221;0&#8243; z_index=&#8221;0&#8243; medium_width=&#8221;0&#8243; mobile_width=&#8221;0&#8243; width=&#8221;1\/3&#8243;][vc_custom_heading heading_semantic=&#8221;h3&#8243; text_size=&#8221;h4&#8243; text_weight=&#8221;600&#8243; text_transform=&#8221;uppercase&#8221; text_color=&#8221;accent&#8221;]Descubra o seu potencial espiritual[\/vc_custom_heading][uncode_list icon=&#8221;fa fa-chevron-circle-right&#8221; icon_color=&#8221;accent&#8221;]<\/p>\n<ul>\n<li>A for\u00e7a na fraqueza<\/li>\n<li>Transformar os pontos de fragilidades em pontos fortes<\/li>\n<li>O melhor de voc\u00ea.<\/li>\n<\/ul>\n<p>[\/uncode_list][\/vc_column_inner][\/vc_row_inner][vc_empty_space empty_h=&#8221;2&#8243;][vc_row_inner row_inner_height_percent=&#8221;0&#8243; overlay_alpha=&#8221;50&#8243; equal_height=&#8221;yes&#8221; gutter_size=&#8221;3&#8243; shift_y=&#8221;0&#8243; z_index=&#8221;0&#8243;][vc_column_inner column_width_percent=&#8221;100&#8243; gutter_size=&#8221;1&#8243; style=&#8221;light&#8221; back_color=&#8221;color-813408&#8243; overlay_alpha=&#8221;50&#8243; shift_x=&#8221;0&#8243; shift_y=&#8221;0&#8243; shift_y_down=&#8221;0&#8243; z_index=&#8221;0&#8243; medium_width=&#8221;0&#8243; mobile_width=&#8221;0&#8243; width=&#8221;1\/3&#8243;][vc_custom_heading heading_semantic=&#8221;h3&#8243; text_size=&#8221;h4&#8243; text_weight=&#8221;600&#8243; text_transform=&#8221;uppercase&#8221; text_color=&#8221;accent&#8221;]o eu ideal, o eu passional, o ser espiritual[\/vc_custom_heading][uncode_list icon=&#8221;fa fa-chevron-circle-right&#8221; icon_color=&#8221;accent&#8221;]<\/p>\n<ul>\n<li>A Armadilha do eu ideal e do eu Limitante<\/li>\n<li>Reconciliar-se com o Ser real.<\/li>\n<li>Liberte-se das m\u00e1scaras<\/li>\n<li>As aspira\u00e7\u00f5es do nosso esp\u00edrito<\/li>\n<\/ul>\n<p>[\/uncode_list][\/vc_column_inner][vc_column_inner column_width_percent=&#8221;100&#8243; gutter_size=&#8221;1&#8243; style=&#8221;light&#8221; back_color=&#8221;color-813408&#8243; overlay_alpha=&#8221;50&#8243; shift_x=&#8221;0&#8243; shift_y=&#8221;0&#8243; shift_y_down=&#8221;0&#8243; z_index=&#8221;0&#8243; medium_width=&#8221;0&#8243; mobile_width=&#8221;0&#8243; width=&#8221;1\/3&#8243;][vc_custom_heading heading_semantic=&#8221;h3&#8243; text_size=&#8221;h4&#8243; text_weight=&#8221;600&#8243; text_transform=&#8221;uppercase&#8221; text_color=&#8221;accent&#8221;]As feridas condicionantes da inf\u00e2ncia[\/vc_custom_heading][uncode_list icon=&#8221;fa fa-chevron-circle-right&#8221; icon_color=&#8221;accent&#8221;]<\/p>\n<ul>\n<li>Voc\u00ea \u00e9 inadequado<\/li>\n<li>N\u00e3o te quero mais bem<\/li>\n<li>Os outros s\u00e3o melhores que voc\u00ea<\/li>\n<li>O teu jeito de ser n\u00e3o \u00e9 bom<\/li>\n<\/ul>\n<p>[\/uncode_list][\/vc_column_inner][vc_column_inner column_width_percent=&#8221;100&#8243; gutter_size=&#8221;1&#8243; style=&#8221;light&#8221; back_color=&#8221;color-813408&#8243; overlay_alpha=&#8221;50&#8243; shift_x=&#8221;0&#8243; shift_y=&#8221;0&#8243; shift_y_down=&#8221;0&#8243; z_index=&#8221;0&#8243; medium_width=&#8221;0&#8243; mobile_width=&#8221;0&#8243; width=&#8221;1\/3&#8243;][vc_custom_heading heading_semantic=&#8221;h3&#8243; text_size=&#8221;h4&#8243; text_weight=&#8221;600&#8243; text_transform=&#8221;uppercase&#8221; text_color=&#8221;accent&#8221;]Afetividade e sexualidade[\/vc_custom_heading][uncode_list icon=&#8221;fa fa-chevron-circle-right&#8221; icon_color=&#8221;accent&#8221;]<\/p>\n<ul>\n<li>Sexualidade e amor<\/li>\n<li>A sexo-depend\u00eancia<\/li>\n<li>Trai\u00e7\u00e3o e abandono<\/li>\n<li>Criados para amar<\/li>\n<\/ul>\n<p>[\/uncode_list][\/vc_column_inner][\/vc_row_inner][vc_empty_space empty_h=&#8221;2&#8243;][vc_row_inner row_inner_height_percent=&#8221;0&#8243; overlay_alpha=&#8221;50&#8243; equal_height=&#8221;yes&#8221; gutter_size=&#8221;3&#8243; shift_y=&#8221;0&#8243; z_index=&#8221;0&#8243;][vc_column_inner column_width_percent=&#8221;100&#8243; gutter_size=&#8221;1&#8243; style=&#8221;light&#8221; back_color=&#8221;color-813408&#8243; overlay_alpha=&#8221;50&#8243; shift_x=&#8221;0&#8243; shift_y=&#8221;0&#8243; shift_y_down=&#8221;0&#8243; z_index=&#8221;0&#8243; medium_width=&#8221;0&#8243; mobile_width=&#8221;0&#8243; width=&#8221;1\/3&#8243;][vc_custom_heading heading_semantic=&#8221;h3&#8243; text_size=&#8221;h4&#8243; text_weight=&#8221;600&#8243; text_transform=&#8221;uppercase&#8221; text_color=&#8221;accent&#8221;]A cura do cora\u00e7\u00e3o[\/vc_custom_heading][uncode_list icon=&#8221;fa fa-chevron-circle-right&#8221; icon_color=&#8221;accent&#8221;]<\/p>\n<ul>\n<li>Solid\u00e3o amiga ou inimiga<\/li>\n<li>Um cora\u00e7\u00e3o de pedra<\/li>\n<li>Um c\u00edrculo vicioso: Ferida-raiva-dor<\/li>\n<li>A for\u00e7a do Amor<\/li>\n<li>O b\u00e1lsamo do per-doar Reconcilia-te com o teu menino ferido com os outros e com Deus<\/li>\n<li>Descubra o fio de ouro nos eventos dolorosos de sua vida<\/li>\n<li>Deixa-te alcan\u00e7ar pelo Amor<\/li>\n<\/ul>\n<p>[\/uncode_list][\/vc_column_inner][\/vc_row_inner][\/vc_tab][\/vc_tabs][vc_empty_space empty_h=&#8221;3&#8243;][\/vc_column][\/vc_row][vc_row row_height_percent=&#8221;0&#8243; override_padding=&#8221;yes&#8221; h_padding=&#8221;2&#8243; top_padding=&#8221;4&#8243; bottom_padding=&#8221;4&#8243; back_color=&#8221;color-wayh&#8221; overlay_alpha=&#8221;50&#8243; gutter_size=&#8221;3&#8243; column_width_percent=&#8221;100&#8243; shift_y=&#8221;0&#8243; z_index=&#8221;0&#8243;][vc_column column_width_use_pixel=&#8221;yes&#8221; position_vertical=&#8221;middle&#8221; align_horizontal=&#8221;align_center&#8221; gutter_size=&#8221;3&#8243; style=&#8221;dark&#8221; overlay_alpha=&#8221;50&#8243; shift_x=&#8221;0&#8243; shift_y=&#8221;0&#8243; shift_y_down=&#8221;0&#8243; z_index=&#8221;0&#8243; medium_width=&#8221;0&#8243; mobile_width=&#8221;0&#8243; width=&#8221;1\/1&#8243; column_width_pixel=&#8221;900&#8243;][vc_row_inner row_inner_height_percent=&#8221;0&#8243; back_color=&#8221;color-lxmt&#8221; overlay_alpha=&#8221;50&#8243; gutter_size=&#8221;3&#8243; shift_y=&#8221;0&#8243; z_index=&#8221;0&#8243;][vc_column_inner column_width_percent=&#8221;100&#8243; position_vertical=&#8221;middle&#8221; align_horizontal=&#8221;align_center&#8221; gutter_size=&#8221;3&#8243; override_padding=&#8221;yes&#8221; column_padding=&#8221;0&#8243; style=&#8221;light&#8221; overlay_alpha=&#8221;50&#8243; shift_x=&#8221;0&#8243; shift_y=&#8221;0&#8243; shift_y_down=&#8221;0&#8243; z_index=&#8221;0&#8243; medium_width=&#8221;0&#8243; mobile_width=&#8221;0&#8243; radius=&#8221;sm&#8221; width=&#8221;1\/3&#8243;][vc_single_image media=&#8221;87493&#8243; media_width_percent=&#8221;100&#8243;][\/vc_column_inner][vc_column_inner column_width_percent=&#8221;100&#8243; position_vertical=&#8221;middle&#8221; align_horizontal=&#8221;align_center&#8221; gutter_size=&#8221;3&#8243; style=&#8221;light&#8221; overlay_alpha=&#8221;50&#8243; shift_x=&#8221;0&#8243; shift_y=&#8221;0&#8243; shift_y_down=&#8221;0&#8243; z_index=&#8221;0&#8243; medium_width=&#8221;0&#8243; mobile_width=&#8221;0&#8243; width=&#8221;2\/3&#8243; css=&#8221;.vc_custom_1620115781469{padding-right: 15px !important;padding-left: 15px !important;}&#8221;][vc_custom_heading heading_semantic=&#8221;h3&#8243; text_size=&#8221;h3&#8243;]Insreva-se no International Institute of SpiriTherapy[\/vc_custom_heading][vc_button button_color=&#8221;accent&#8221; size=&#8221;btn-lg&#8221; wide=&#8221;yes&#8221; text_skin=&#8221;yes&#8221; border_width=&#8221;0&#8243; link=&#8221;url:https%3A%2F%2Fwww.spiritherapy.org|title:Appuntamenti&#8221;]INSCREVA-SE AGORA[\/vc_button][\/vc_column_inner][\/vc_row_inner][\/vc_column][\/vc_row]<\/p>\n<\/div>","protected":false},"excerpt":{"rendered":"<p>[vc_row row_height_percent=&#8221;0&#8243; back_image=&#8221;83953&#8243; back_repeat=&#8221;no-repeat&#8221; parallax=&#8221;yes&#8221; overlay_alpha=&#8221;50&#8243; gutter_size=&#8221;3&#8243; column_width_percent=&#8221;100&#8243; shift_y=&#8221;0&#8243; z_index=&#8221;0&#8243; enable_bottom_divider=&#8221;default&#8221; bottom_divider=&#8221;fan-opacity&#8221; shape_bottom_h_use_pixel=&#8221;&#8221; shape_bottom_height=&#8221;80&#8243; shape_bottom_color=&#8221;color-uydo&#8221; shape_bottom_opacity=&#8221;100&#8243; shape_bottom_index=&#8221;0&#8243;][vc_column column_width_percent=&#8221;100&#8243; align_horizontal=&#8221;align_center&#8221; gutter_size=&#8221;3&#8243; [&hellip;]<\/p>\n","protected":false},"author":3,"featured_media":85023,"parent":88624,"menu_order":0,"comment_status":"closed","ping_status":"closed","template":"","meta":{"footnotes":""},"class_list":["post-88578","page","type-page","status-publish","has-post-thumbnail","hentry"],"yoast_head":"<!-- This site is optimized with the Yoast SEO Premium plugin v25.9 (Yoast SEO v26.7) - https:\/\/yoast.com\/wordpress\/plugins\/seo\/ -->\n<title>Propostas de Forma\u00e7\u00e3o - Chiara Amirante<\/title>\n<meta name=\"description\" content=\"Propostas de forma\u00e7\u00e3o: Cursos de Spiritherapy sobre a arte de amar, autoconhecimento e cura do cora\u00e7\u00e3o, horizontes da espiritualidade... online e ao vivo\" \/>\n<meta name=\"robots\" content=\"index, follow, max-snippet:-1, max-image-preview:large, max-video-preview:-1\" \/>\n<link rel=\"canonical\" href=\"https:\/\/www.chiaraamirante.it\/pt-br\/spiritherapy\/propostas-de-formacao\/\" \/>\n<meta property=\"og:locale\" content=\"pt_BR\" \/>\n<meta property=\"og:type\" content=\"article\" \/>\n<meta property=\"og:title\" content=\"Propostas de Forma\u00e7\u00e3o\" \/>\n<meta property=\"og:description\" content=\"Propostas de forma\u00e7\u00e3o: Cursos de Spiritherapy sobre a arte de amar, autoconhecimento e cura do cora\u00e7\u00e3o, horizontes da espiritualidade... online e ao vivo\" \/>\n<meta property=\"og:url\" content=\"https:\/\/www.chiaraamirante.it\/pt-br\/spiritherapy\/propostas-de-formacao\/\" \/>\n<meta property=\"og:site_name\" content=\"Chiara Amirante\" \/>\n<meta property=\"article:publisher\" content=\"https:\/\/www.facebook.com\/C.Amirante\" \/>\n<meta property=\"article:modified_time\" content=\"2022-02-21T20:11:49+00:00\" \/>\n<meta property=\"og:image\" content=\"https:\/\/www.chiaraamirante.it\/wp-content\/uploads\/2020\/05\/proposte-formative.jpg\" \/>\n\t<meta property=\"og:image:width\" content=\"1280\" \/>\n\t<meta property=\"og:image:height\" content=\"720\" \/>\n\t<meta property=\"og:image:type\" content=\"image\/jpeg\" \/>\n<meta name=\"twitter:card\" content=\"summary_large_image\" \/>\n<meta name=\"twitter:label1\" content=\"Est. tempo de leitura\" \/>\n\t<meta name=\"twitter:data1\" content=\"21 minutos\" \/>\n<script type=\"application\/ld+json\" class=\"yoast-schema-graph\">{\"@context\":\"https:\/\/schema.org\",\"@graph\":[{\"@type\":\"WebPage\",\"@id\":\"https:\/\/www.chiaraamirante.it\/pt-br\/spiritherapy\/propostas-de-formacao\/\",\"url\":\"https:\/\/www.chiaraamirante.it\/pt-br\/spiritherapy\/propostas-de-formacao\/\",\"name\":\"Propostas de Forma\u00e7\u00e3o - Chiara Amirante\",\"isPartOf\":{\"@id\":\"https:\/\/www.chiaraamirante.it\/pt-br\/#website\"},\"primaryImageOfPage\":{\"@id\":\"https:\/\/www.chiaraamirante.it\/pt-br\/spiritherapy\/propostas-de-formacao\/#primaryimage\"},\"image\":{\"@id\":\"https:\/\/www.chiaraamirante.it\/pt-br\/spiritherapy\/propostas-de-formacao\/#primaryimage\"},\"thumbnailUrl\":\"https:\/\/www.chiaraamirante.it\/wp-content\/uploads\/2020\/05\/proposte-formative.jpg\",\"datePublished\":\"2022-02-21T20:10:27+00:00\",\"dateModified\":\"2022-02-21T20:11:49+00:00\",\"description\":\"Propostas de forma\u00e7\u00e3o: Cursos de Spiritherapy sobre a arte de amar, autoconhecimento e cura do cora\u00e7\u00e3o, horizontes da espiritualidade... online e ao vivo\",\"breadcrumb\":{\"@id\":\"https:\/\/www.chiaraamirante.it\/pt-br\/spiritherapy\/propostas-de-formacao\/#breadcrumb\"},\"inLanguage\":\"pt-BR\",\"potentialAction\":[{\"@type\":\"ReadAction\",\"target\":[\"https:\/\/www.chiaraamirante.it\/pt-br\/spiritherapy\/propostas-de-formacao\/\"]}]},{\"@type\":\"ImageObject\",\"inLanguage\":\"pt-BR\",\"@id\":\"https:\/\/www.chiaraamirante.it\/pt-br\/spiritherapy\/propostas-de-formacao\/#primaryimage\",\"url\":\"https:\/\/www.chiaraamirante.it\/wp-content\/uploads\/2020\/05\/proposte-formative.jpg\",\"contentUrl\":\"https:\/\/www.chiaraamirante.it\/wp-content\/uploads\/2020\/05\/proposte-formative.jpg\",\"width\":1280,\"height\":720,\"caption\":\"Spiritherapy - Proposte Formative - Chiara Amirante\"},{\"@type\":\"BreadcrumbList\",\"@id\":\"https:\/\/www.chiaraamirante.it\/pt-br\/spiritherapy\/propostas-de-formacao\/#breadcrumb\",\"itemListElement\":[{\"@type\":\"ListItem\",\"position\":1,\"name\":\"Home\",\"item\":\"https:\/\/www.chiaraamirante.it\/pt-br\/\"},{\"@type\":\"ListItem\",\"position\":2,\"name\":\"#spiritherapy\",\"item\":\"https:\/\/www.chiaraamirante.it\/pt-br\/spiritherapy\/\"},{\"@type\":\"ListItem\",\"position\":3,\"name\":\"Propostas de Forma\u00e7\u00e3o\"}]},{\"@type\":\"WebSite\",\"@id\":\"https:\/\/www.chiaraamirante.it\/pt-br\/#website\",\"url\":\"https:\/\/www.chiaraamirante.it\/pt-br\/\",\"name\":\"Chiara Amirante\",\"description\":\"Vivi per qualcosa di grande!\",\"publisher\":{\"@id\":\"https:\/\/www.chiaraamirante.it\/pt-br\/#\/schema\/person\/d4f417f4d94524a23e2036a37d11b2b5\"},\"potentialAction\":[{\"@type\":\"SearchAction\",\"target\":{\"@type\":\"EntryPoint\",\"urlTemplate\":\"https:\/\/www.chiaraamirante.it\/pt-br\/?s={search_term_string}\"},\"query-input\":{\"@type\":\"PropertyValueSpecification\",\"valueRequired\":true,\"valueName\":\"search_term_string\"}}],\"inLanguage\":\"pt-BR\"},{\"@type\":[\"Person\",\"Organization\"],\"@id\":\"https:\/\/www.chiaraamirante.it\/pt-br\/#\/schema\/person\/d4f417f4d94524a23e2036a37d11b2b5\",\"name\":\"Chiara Amirante\",\"image\":{\"@type\":\"ImageObject\",\"inLanguage\":\"pt-BR\",\"@id\":\"https:\/\/www.chiaraamirante.it\/pt-br\/#\/schema\/person\/image\/\",\"url\":\"https:\/\/www.chiaraamirante.it\/wp-content\/uploads\/2020\/05\/Chiara_Amirante_redBG_gradient_2.jpg\",\"contentUrl\":\"https:\/\/www.chiaraamirante.it\/wp-content\/uploads\/2020\/05\/Chiara_Amirante_redBG_gradient_2.jpg\",\"width\":1920,\"height\":1440,\"caption\":\"Chiara Amirante\"},\"logo\":{\"@id\":\"https:\/\/www.chiaraamirante.it\/pt-br\/#\/schema\/person\/image\/\"},\"sameAs\":[\"https:\/\/www.chiaraamirante.it\",\"https:\/\/www.facebook.com\/C.Amirante\",\"https:\/\/www.instagram.com\/camirante\/\"]}]}<\/script>\n<!-- \/ Yoast SEO Premium plugin. -->","yoast_head_json":{"title":"Propostas de Forma\u00e7\u00e3o - Chiara Amirante","description":"Propostas de forma\u00e7\u00e3o: Cursos de Spiritherapy sobre a arte de amar, autoconhecimento e cura do cora\u00e7\u00e3o, horizontes da espiritualidade... online e ao vivo","robots":{"index":"index","follow":"follow","max-snippet":"max-snippet:-1","max-image-preview":"max-image-preview:large","max-video-preview":"max-video-preview:-1"},"canonical":"https:\/\/www.chiaraamirante.it\/pt-br\/spiritherapy\/propostas-de-formacao\/","og_locale":"pt_BR","og_type":"article","og_title":"Propostas de Forma\u00e7\u00e3o","og_description":"Propostas de forma\u00e7\u00e3o: Cursos de Spiritherapy sobre a arte de amar, autoconhecimento e cura do cora\u00e7\u00e3o, horizontes da espiritualidade... online e ao vivo","og_url":"https:\/\/www.chiaraamirante.it\/pt-br\/spiritherapy\/propostas-de-formacao\/","og_site_name":"Chiara Amirante","article_publisher":"https:\/\/www.facebook.com\/C.Amirante","article_modified_time":"2022-02-21T20:11:49+00:00","og_image":[{"width":1280,"height":720,"url":"https:\/\/www.chiaraamirante.it\/wp-content\/uploads\/2020\/05\/proposte-formative.jpg","type":"image\/jpeg"}],"twitter_card":"summary_large_image","twitter_misc":{"Est. tempo de leitura":"21 minutos"},"schema":{"@context":"https:\/\/schema.org","@graph":[{"@type":"WebPage","@id":"https:\/\/www.chiaraamirante.it\/pt-br\/spiritherapy\/propostas-de-formacao\/","url":"https:\/\/www.chiaraamirante.it\/pt-br\/spiritherapy\/propostas-de-formacao\/","name":"Propostas de Forma\u00e7\u00e3o - Chiara Amirante","isPartOf":{"@id":"https:\/\/www.chiaraamirante.it\/pt-br\/#website"},"primaryImageOfPage":{"@id":"https:\/\/www.chiaraamirante.it\/pt-br\/spiritherapy\/propostas-de-formacao\/#primaryimage"},"image":{"@id":"https:\/\/www.chiaraamirante.it\/pt-br\/spiritherapy\/propostas-de-formacao\/#primaryimage"},"thumbnailUrl":"https:\/\/www.chiaraamirante.it\/wp-content\/uploads\/2020\/05\/proposte-formative.jpg","datePublished":"2022-02-21T20:10:27+00:00","dateModified":"2022-02-21T20:11:49+00:00","description":"Propostas de forma\u00e7\u00e3o: Cursos de Spiritherapy sobre a arte de amar, autoconhecimento e cura do cora\u00e7\u00e3o, horizontes da espiritualidade... online e ao vivo","breadcrumb":{"@id":"https:\/\/www.chiaraamirante.it\/pt-br\/spiritherapy\/propostas-de-formacao\/#breadcrumb"},"inLanguage":"pt-BR","potentialAction":[{"@type":"ReadAction","target":["https:\/\/www.chiaraamirante.it\/pt-br\/spiritherapy\/propostas-de-formacao\/"]}]},{"@type":"ImageObject","inLanguage":"pt-BR","@id":"https:\/\/www.chiaraamirante.it\/pt-br\/spiritherapy\/propostas-de-formacao\/#primaryimage","url":"https:\/\/www.chiaraamirante.it\/wp-content\/uploads\/2020\/05\/proposte-formative.jpg","contentUrl":"https:\/\/www.chiaraamirante.it\/wp-content\/uploads\/2020\/05\/proposte-formative.jpg","width":1280,"height":720,"caption":"Spiritherapy - Proposte Formative - Chiara Amirante"},{"@type":"BreadcrumbList","@id":"https:\/\/www.chiaraamirante.it\/pt-br\/spiritherapy\/propostas-de-formacao\/#breadcrumb","itemListElement":[{"@type":"ListItem","position":1,"name":"Home","item":"https:\/\/www.chiaraamirante.it\/pt-br\/"},{"@type":"ListItem","position":2,"name":"#spiritherapy","item":"https:\/\/www.chiaraamirante.it\/pt-br\/spiritherapy\/"},{"@type":"ListItem","position":3,"name":"Propostas de Forma\u00e7\u00e3o"}]},{"@type":"WebSite","@id":"https:\/\/www.chiaraamirante.it\/pt-br\/#website","url":"https:\/\/www.chiaraamirante.it\/pt-br\/","name":"Chiara Amirante","description":"Vivi per qualcosa di grande!","publisher":{"@id":"https:\/\/www.chiaraamirante.it\/pt-br\/#\/schema\/person\/d4f417f4d94524a23e2036a37d11b2b5"},"potentialAction":[{"@type":"SearchAction","target":{"@type":"EntryPoint","urlTemplate":"https:\/\/www.chiaraamirante.it\/pt-br\/?s={search_term_string}"},"query-input":{"@type":"PropertyValueSpecification","valueRequired":true,"valueName":"search_term_string"}}],"inLanguage":"pt-BR"},{"@type":["Person","Organization"],"@id":"https:\/\/www.chiaraamirante.it\/pt-br\/#\/schema\/person\/d4f417f4d94524a23e2036a37d11b2b5","name":"Chiara Amirante","image":{"@type":"ImageObject","inLanguage":"pt-BR","@id":"https:\/\/www.chiaraamirante.it\/pt-br\/#\/schema\/person\/image\/","url":"https:\/\/www.chiaraamirante.it\/wp-content\/uploads\/2020\/05\/Chiara_Amirante_redBG_gradient_2.jpg","contentUrl":"https:\/\/www.chiaraamirante.it\/wp-content\/uploads\/2020\/05\/Chiara_Amirante_redBG_gradient_2.jpg","width":1920,"height":1440,"caption":"Chiara Amirante"},"logo":{"@id":"https:\/\/www.chiaraamirante.it\/pt-br\/#\/schema\/person\/image\/"},"sameAs":["https:\/\/www.chiaraamirante.it","https:\/\/www.facebook.com\/C.Amirante","https:\/\/www.instagram.com\/camirante\/"]}]}},"_links":{"self":[{"href":"https:\/\/www.chiaraamirante.it\/pt-br\/wp-json\/wp\/v2\/pages\/88578","targetHints":{"allow":["GET"]}}],"collection":[{"href":"https:\/\/www.chiaraamirante.it\/pt-br\/wp-json\/wp\/v2\/pages"}],"about":[{"href":"https:\/\/www.chiaraamirante.it\/pt-br\/wp-json\/wp\/v2\/types\/page"}],"author":[{"embeddable":true,"href":"https:\/\/www.chiaraamirante.it\/pt-br\/wp-json\/wp\/v2\/users\/3"}],"replies":[{"embeddable":true,"href":"https:\/\/www.chiaraamirante.it\/pt-br\/wp-json\/wp\/v2\/comments?post=88578"}],"version-history":[{"count":7,"href":"https:\/\/www.chiaraamirante.it\/pt-br\/wp-json\/wp\/v2\/pages\/88578\/revisions"}],"predecessor-version":[{"id":88593,"href":"https:\/\/www.chiaraamirante.it\/pt-br\/wp-json\/wp\/v2\/pages\/88578\/revisions\/88593"}],"up":[{"embeddable":true,"href":"https:\/\/www.chiaraamirante.it\/pt-br\/wp-json\/wp\/v2\/pages\/88624"}],"wp:featuredmedia":[{"embeddable":true,"href":"https:\/\/www.chiaraamirante.it\/pt-br\/wp-json\/wp\/v2\/media\/85023"}],"wp:attachment":[{"href":"https:\/\/www.chiaraamirante.it\/pt-br\/wp-json\/wp\/v2\/media?parent=88578"}],"curies":[{"name":"wp","href":"https:\/\/api.w.org\/{rel}","templated":true}]}}